{"version":"1.0","provider_name":"O VIGILANTE ONLINE","provider_url":"https:\/\/www.ovigilanteonline.com.br\/site","author_name":"Jornalismo","author_url":"https:\/\/www.ovigilanteonline.com.br\/site\/author\/julio\/","title":"Edital de Convoca\u00e7\u00e3o Casa de Ora\u00e7\u00e3o","type":"rich","width":600,"height":338,"html":"<blockquote class=\"wp-embedded-content\" data-secret=\"xDt5tVsk0q\"><a href=\"https:\/\/www.ovigilanteonline.com.br\/site\/2022\/06\/27\/edital-de-convocacao-casa-de-oracao\/\">Edital de Convoca\u00e7\u00e3o Casa de Ora\u00e7\u00e3o<\/a><\/blockquote><iframe sandbox=\"allow-scripts\" security=\"restricted\" src=\"https:\/\/www.ovigilanteonline.com.br\/site\/2022\/06\/27\/edital-de-convocacao-casa-de-oracao\/embed\/#?secret=xDt5tVsk0q\" width=\"600\" height=\"338\" title=\"&#8220;Edital de Convoca\u00e7\u00e3o Casa de Ora\u00e7\u00e3o&#8221; &#8212; O VIGILANTE ONLINE\" data-secret=\"xDt5tVsk0q\" frameborder=\"0\" marginwidth=\"0\" marginheight=\"0\" scrolling=\"no\" class=\"wp-embedded-content\"><\/iframe><script type=\"text\/javascript\">\n\/* <![CDATA[ *\/\n\/*! This file is auto-generated *\/\n!function(d,l){\"use strict\";l.querySelector&&d.addEventListener&&\"undefined\"!=typeof URL&&(d.wp=d.wp||{},d.wp.receiveEmbedMessage||(d.wp.receiveEmbedMessage=function(e){var t=e.data;if((t||t.secret||t.message||t.value)&&!\/[^a-zA-Z0-9]\/.test(t.secret)){for(var s,r,n,a=l.querySelectorAll('iframe[data-secret=\"'+t.secret+'\"]'),o=l.querySelectorAll('blockquote[data-secret=\"'+t.secret+'\"]'),c=new RegExp(\"^https?:$\",\"i\"),i=0;i<o.length;i++)o[i].style.display=\"none\";for(i=0;i<a.length;i++)s=a[i],e.source===s.contentWindow&&(s.removeAttribute(\"style\"),\"height\"===t.message?(1e3<(r=parseInt(t.value,10))?r=1e3:~~r<200&&(r=200),s.height=r):\"link\"===t.message&&(r=new URL(s.getAttribute(\"src\")),n=new URL(t.value),c.test(n.protocol))&&n.host===r.host&&l.activeElement===s&&(d.top.location.href=t.value))}},d.addEventListener(\"message\",d.wp.receiveEmbedMessage,!1),l.addEventListener(\"DOMContentLoaded\",function(){for(var e,t,s=l.querySelectorAll(\"iframe.wp-embedded-content\"),r=0;r<s.length;r++)(t=(e=s[r]).getAttribute(\"data-secret\"))||(t=Math.random().toString(36).substring(2,12),e.src+=\"#?secret=\"+t,e.setAttribute(\"data-secret\",t)),e.contentWindow.postMessage({message:\"ready\",secret:t},\"*\")},!1)))}(window,document);\n\/\/# sourceURL=https:\/\/www.ovigilanteonline.com.br\/site\/wp-includes\/js\/wp-embed.min.js\n\/* ]]> *\/\n<\/script>\n","thumbnail_url":"https:\/\/www.ovigilanteonline.com.br\/site\/wp-content\/uploads\/2021\/07\/vinheta-edital-de-convocacao.jpg","thumbnail_width":800,"thumbnail_height":503,"description":"EDITAL DE CONVOCA\u00c7\u00c3O CASA DE ORA\u00c7\u00c3OEdital de convoca\u00e7\u00e3o de reuni\u00e3o dos membros do Centro Esp\u00edrita Casa de Ora\u00e7\u00e3o, entidade religiosa, sem fins lucrativos, situada \u00e0 Rodovia BR 116 KM 772, em Leopoldina &#8211; MG, inscrita no CNPJ sob n\u00ba 26.145\/0001-46.Tendo em vista a imin\u00eancia do t\u00e9rmino do mandato da Diretoria e Conselho Fiscal, eu Magda [&hellip;]"}